{"id":841,"date":"2025-03-11T07:46:29","date_gmt":"2025-03-11T06:46:29","guid":{"rendered":"https:\/\/preventncd.sum.edu.pl\/?page_id=841"},"modified":"2025-10-02T10:49:52","modified_gmt":"2025-10-02T08:49:52","slug":"patronaty","status":"publish","type":"page","link":"https:\/\/preventncd.sum.edu.pl\/en\/patronaty\/","title":{"rendered":"Patronages"},"content":{"rendered":"<div class=\"\" style=\"\" >\n    \n    <section class=\"u-clearfix u-container-align-center-lg u-container-align-center-md u-container-align-center-sm u-container-align-center-xl u-white u-section-2\" id=\"sec-575d\">\n      <div class=\"u-clearfix u-sheet u-valign-middle u-sheet-1\">\n        <div class=\"custom-expanded data-layout-selected u-align-center-xs u-clearfix u-expanded-width-lg u-expanded-width-md u-expanded-width-sm u-expanded-width-xl u-gutter-10 u-layout-wrap u-layout-wrap-1\">\n          <div class=\"u-layout\" style=\"\">\n            <div class=\"u-layout-row\" style=\"\">\n              <div class=\"u-container-style u-layout-cell u-left-cell u-size-41 u-size-xs-60 u-layout-cell-1\" src=\"\">\n                <div class=\"u-container-layout u-valign-middle-lg u-valign-middle-md u-valign-middle-sm u-valign-middle-xl u-container-layout-1\">\n                  <h1 class=\"u-align-center u-custom-font u-font-roboto u-text u-text-default u-text-1\">Patronages<\/h1>\n                <\/div>\n              <\/div>\n              <div class=\"u-align-center u-container-align-center u-container-style u-hidden-xs u-layout-cell u-right-cell u-size-19 u-size-xs-60 u-layout-cell-2\" src=\"\">\n                <div class=\"u-container-layout u-valign-top u-container-layout-2\" src=\"\">\n                  <img class=\"custom-expanded u-hidden-xs u-image u-image-contain lazyload u-image-1\" data-image-width=\"468\" data-image-height=\"699\" data-src=\"https:\/\/preventncd.sum.edu.pl\/wp-content\/uploads\/2025\/10\/Projektbeznazwy.jpg\" loading=\"lazy\">\n                <\/div>\n              <\/div>\n            <\/div>\n          <\/div>\n        <\/div>\n      <\/div>\n    <\/section>\n    <section class=\"u-clearfix u-container-align-center u-section-3\" id=\"block-5\">\n      <div class=\"u-clearfix u-sheet u-valign-middle-lg u-valign-middle-md u-valign-middle-sm u-valign-middle-xs u-sheet-1\">\n        <div class=\"data-layout-selected u-clearfix u-expanded-width u-gutter-0 u-layout-wrap u-layout-wrap-1\">\n          <div class=\"u-layout\" style=\"\">\n            <div class=\"u-layout-row\" style=\"\">\n              <div class=\"u-align-left u-container-align-left u-container-style u-gradient u-layout-cell u-left-cell u-size-30 u-size-xs-60 u-layout-cell-1\" src=\"\">\n                <div class=\"u-container-layout u-valign-middle-lg u-valign-middle-md u-valign-middle-sm u-valign-middle-xl u-container-layout-1\" src=\"\">\n                  <img class=\"u-align-center u-expanded-width-xs u-image u-image-contain u-image-default lazyload u-image-1\" alt=\"\" data-image-width=\"2048\" data-image-height=\"1365\" data-src=\"https:\/\/preventncd.sum.edu.pl\/wp-content\/uploads\/2025\/06\/15.png\" loading=\"lazy\">\n                <\/div>\n              <\/div>\n              <div class=\"u-align-justify u-container-align-left u-container-style u-layout-cell u-right-cell u-size-30 u-size-xs-60 u-white u-layout-cell-2\">\n                <div class=\"u-container-layout u-valign-middle u-container-layout-2\">\n                  <p class=\"u-custom-font u-font-roboto u-text u-text-black u-text-1\"> Strategic partner:<br>Are delighted to announce that the City of Katowice has become a Strategic Partner of\nof our event!\nWe are delighted that together we can create a space conducive to innovation,\neducation and cross-sector cooperation.\nWe are proud that Katowice consistently supports healthy, ambitious and\nforward-looking activities!&nbsp;&nbsp;\n                  <\/p>\n                <\/div>\n              <\/div>\n            <\/div>\n          <\/div>\n        <\/div>\n        <div class=\"u-border-3 u-border-grey-dark-1 u-line u-line-horizontal u-line-1\"><\/div>\n      <\/div>\n    <\/section>\n    <section class=\"u-clearfix u-container-align-center u-section-4\" id=\"sec-958f\">\n      <div class=\"u-clearfix u-sheet u-valign-middle u-sheet-1\">\n        <div class=\"data-layout-selected u-clearfix u-expanded-width u-gutter-0 u-layout-wrap u-layout-wrap-1\">\n          <div class=\"u-layout\" style=\"\">\n            <div class=\"u-layout-row\" style=\"\">\n              <div class=\"u-align-left u-container-align-left u-container-style u-gradient u-layout-cell u-left-cell u-size-30 u-size-xs-60 u-layout-cell-1\" src=\"\">\n                <div class=\"u-container-layout u-valign-middle-lg u-valign-middle-md u-valign-middle-sm u-valign-middle-xl u-container-layout-1\" src=\"\">\n                  <img class=\"u-expanded-width-xs u-image u-image-contain u-image-default lazyload u-image-1\" alt=\"\" data-image-width=\"2086\" data-image-height=\"533\" data-src=\"https:\/\/preventncd.sum.edu.pl\/wp-content\/uploads\/2025\/05\/01.znak_patronat_kolor.png\" loading=\"lazy\">\n                <\/div>\n              <\/div>\n              <div class=\"u-align-justify u-container-align-left u-container-style u-layout-cell u-right-cell u-size-30 u-size-xs-60 u-white u-layout-cell-2\">\n                <div class=\"u-container-layout u-valign-middle u-container-layout-2\">\n                  <p class=\"u-custom-font u-font-roboto u-text u-text-black u-text-1\"> We are pleased to announce that the Minister for European Union Affairs - Adam Sz\u0142apka, on 05.03.2025, decided to grant the patronage of the Polish Presidency to our event: Joint Action for the Prevention of Chronic and Oncological Diseases.\nThe Medical University of Silesia in Katowice is the main Coordinator of the Project in the country, as well as the Co-leader of the Consortium Board and the European Coordinator. The meeting of the JA PreventNCD Consortium will take place in Katowice on June 16-17, 2025 - during the conclusion of the Polish Presidency of the Council of the European Union in 2025. The Project has also established the Consortium on Cancer Prevention, its meeting is planned in Katowice, on June 17-18, 2025. The event has also been granted the honorary patronage.\nWe are extremely proud that our Events will become a part of the Presidency's calendar !!!<\/p>\n                <\/div>\n              <\/div>\n            <\/div>\n          <\/div>\n        <\/div>\n      <\/div>\n    <\/section>\n    <section class=\"u-clearfix u-container-align-center u-section-5\" id=\"sec-4a6f\">\n      <div class=\"u-clearfix u-sheet u-sheet-1\">\n        <div class=\"u-border-3 u-border-grey-dark-1 u-line u-line-horizontal u-line-1\"><\/div>\n        <div class=\"data-layout-selected u-clearfix u-expanded-width u-gutter-0 u-layout-wrap u-layout-wrap-1\">\n          <div class=\"u-layout\" style=\"\">\n            <div class=\"u-layout-row\" style=\"\">\n              <div class=\"u-align-left u-container-align-left u-container-style u-gradient u-layout-cell u-left-cell u-size-30 u-size-xs-60 u-layout-cell-1\" src=\"\" data-image-width=\"804\" data-image-height=\"516\">\n                <div class=\"u-container-layout u-container-layout-1\" src=\"\">\n                  <img class=\"custom-expanded u-image u-image-contain u-image-default lazyload u-image-1\" alt=\"\" data-image-width=\"804\" data-image-height=\"516\" data-src=\"https:\/\/preventncd.sum.edu.pl\/wp-content\/uploads\/2025\/04\/as.png\" loading=\"lazy\">\n                <\/div>\n              <\/div>\n              <div class=\"u-align-justify u-container-align-left u-container-style u-layout-cell u-right-cell u-size-30 u-size-xs-60 u-white u-layout-cell-2\">\n                <div class=\"u-container-layout u-valign-middle u-container-layout-2\">\n                  <p class=\"u-custom-font u-font-roboto u-text u-text-black u-text-1\"> We are happy to announce that on April 15, 2025, the Minister of Health, Izabela Leszczyna, granted honorary patronage to the event titled Joint Action on the Prevention of Chronic and Oncological Diseases (Joint Action PreventNCD).\n\nIt is a great honor and a source of pride for us that our event has been included in the Ministry of Health\u2019s official calendar. This patronage not only highlights the importance of the initiative but also strengthens its relevance in the context of national and international health policy.\n\nWe believe that, thanks to the involvement of all partners and the support of public institutions, it will be possible to develop lasting solutions for the effective prevention of chronic diseases and the improvement of citizens\u2019 quality of life!<\/p>\n                <\/div>\n              <\/div>\n            <\/div>\n          <\/div>\n        <\/div>\n      <\/div>\n    <\/section>\n    <section class=\"u-clearfix u-container-align-center u-section-6\" id=\"sec-c9fd\">\n      <div class=\"u-clearfix u-sheet u-sheet-1\">\n        <div class=\"u-border-3 u-border-grey-dark-1 u-line u-line-horizontal u-line-1\"><\/div>\n        <div class=\"data-layout-selected u-clearfix u-expanded-width u-gutter-0 u-layout-wrap u-layout-wrap-1\">\n          <div class=\"u-layout\" style=\"\">\n            <div class=\"u-layout-row\" style=\"\">\n              <div class=\"u-align-left u-container-align-left u-container-style u-gradient u-layout-cell u-left-cell u-size-30 u-size-xs-60 u-layout-cell-1\" src=\"\" data-image-width=\"804\" data-image-height=\"516\">\n                <div class=\"u-container-layout u-container-layout-1\" src=\"\">\n                  <img class=\"custom-expanded u-image u-image-contain u-image-default lazyload u-image-1\" alt=\"\" data-image-width=\"1089\" data-image-height=\"725\" data-src=\"https:\/\/preventncd.sum.edu.pl\/wp-content\/uploads\/2025\/05\/min-przemyslu.png\" loading=\"lazy\">\n                <\/div>\n              <\/div>\n              <div class=\"u-align-justify u-container-align-left u-container-style u-layout-cell u-right-cell u-size-30 u-size-xs-60 u-white u-layout-cell-2\">\n                <div class=\"u-container-layout u-valign-middle u-container-layout-2\">\n                  <p class=\"u-custom-font u-font-roboto u-text u-text-black u-text-1\">We are pleased to announce that on April 28, 2025, Ms. Marzena Czarnecka, Minister of Industry, officially granted honorary patronage to our event \"Joint Action on the Prevention of Chronic and Oncological Diseases (Joint Action PreventNCD).\"<br>Being included in the calendar of the Ministry of Industry is a great honor for us and a strong motivation to continue our efforts in public health.<br>Being included in the calendar of the Ministry of Industry is a great honor for us and a strong motivation to continue our efforts in public health.\nWe believe that the Ministry's involvement will serve as an excellent opportunity to represent the Republic of Poland on the international stage and to foster valuable cross-sectoral partnerships! \n                  <\/p>\n                <\/div>\n              <\/div>\n            <\/div>\n          <\/div>\n        <\/div>\n      <\/div>\n    <\/section>\n    <section class=\"u-clearfix u-container-align-center u-section-7\" id=\"sec-1b58\">\n      <div class=\"u-clearfix u-sheet u-sheet-1\">\n        <div class=\"u-border-3 u-border-grey-dark-1 u-line u-line-horizontal u-line-1\"><\/div>\n        <div class=\"data-layout-selected u-clearfix u-expanded-width u-gutter-0 u-layout-wrap u-layout-wrap-1\">\n          <div class=\"u-layout\" style=\"\">\n            <div class=\"u-layout-row\" style=\"\">\n              <div class=\"u-align-left u-container-align-left u-container-style u-gradient u-layout-cell u-left-cell u-size-30 u-size-xs-60 u-layout-cell-1\" src=\"\" data-image-width=\"804\" data-image-height=\"516\">\n                <div class=\"u-container-layout u-valign-middle u-container-layout-1\" src=\"\">\n                  <img class=\"custom-expanded u-image u-image-contain u-image-default lazyload u-image-1\" alt=\"\" data-image-width=\"1290\" data-image-height=\"227\" data-src=\"https:\/\/preventncd.sum.edu.pl\/wp-content\/uploads\/2025\/05\/PL_PATRONAT-Wojciech_Saluga.png\" loading=\"lazy\">\n                <\/div>\n              <\/div>\n              <div class=\"u-align-justify u-container-align-left u-container-style u-layout-cell u-right-cell u-size-30 u-size-xs-60 u-white u-layout-cell-2\">\n                <div class=\"u-container-layout u-valign-middle u-container-layout-2\">\n                  <p class=\"u-custom-font u-font-roboto u-text u-text-black u-text-1\">We are pleased to announce that the Marshal of the Silesian Voivodeship, Mr. Wojciech Sa\u0142uga, has granted honorary patronage to the Joint Action PreventNCD event, which will take place in June in Katowice!<br>The event will bring together experts, decision-makers, and representatives of institutions from 25 countries, creating a space for knowledge exchange and the development of long-term strategies in the field of non-communicable disease prevention, including cancer.<br>Thanks to the support of regional authorities, Silesia is actively participating in the international dialogue for health. \n                  <\/p>\n                <\/div>\n              <\/div>\n            <\/div>\n          <\/div>\n        <\/div>\n      <\/div>\n    <\/section>\n    <section class=\"u-clearfix u-container-align-center u-section-8\" id=\"sec-1c38\">\n      <div class=\"u-clearfix u-sheet u-sheet-1\">\n        <div class=\"u-border-3 u-border-grey-dark-1 u-line u-line-horizontal u-line-1\"><\/div>\n        <div class=\"data-layout-selected u-clearfix u-expanded-width u-gutter-0 u-layout-wrap u-layout-wrap-1\">\n          <div class=\"u-layout\" style=\"\">\n            <div class=\"u-layout-row\" style=\"\">\n              <div class=\"u-align-left u-container-align-left u-container-style u-gradient u-layout-cell u-left-cell u-size-30 u-size-xs-60 u-layout-cell-1\" src=\"\" data-image-width=\"804\" data-image-height=\"516\">\n                <div class=\"u-container-layout u-valign-middle u-container-layout-1\" src=\"\">\n                  <img class=\"custom-expanded u-image u-image-contain u-image-default lazyload u-image-1\" alt=\"\" data-image-width=\"2048\" data-image-height=\"1365\" data-src=\"https:\/\/preventncd.sum.edu.pl\/wp-content\/uploads\/2025\/06\/13.png\" loading=\"lazy\">\n                <\/div>\n              <\/div>\n              <div class=\"u-align-justify u-container-align-left u-container-style u-layout-cell u-right-cell u-size-30 u-size-xs-60 u-white u-layout-cell-2\">\n                <div class=\"u-container-layout u-valign-middle u-container-layout-2\">\n                  <p class=\"u-custom-font u-font-roboto u-text u-text-black u-text-1\"> Patronat Prezydenta Miasta.<br>We are very pleased to announce that our event has received the patronage of the Mayor of\nof the City of Katowice, Marcin Krupa! We are delighted that the local authorities\nsupports valuable educational and social initiatives.\nThanks to this patronage, we gain the opportunity to reach an even wider audience.\naudience. Our event actively promotes a positive image of Katowice\nas a modern city open to innovation, science and the development of education.\nThe presence and support of the Mayor further emphasises the importance of this\ninitiative.\nWe are proud that Katowice is an example of a city that supports healthy,\nambitious and forward-looking activities - both locally and on the arena of\ninternationally.&nbsp;&nbsp;\n                  <\/p>\n                <\/div>\n              <\/div>\n            <\/div>\n          <\/div>\n        <\/div>\n      <\/div>\n    <\/section>\n    <section class=\"u-clearfix u-container-align-center u-section-9\" id=\"sec-63cd\">\n      <div class=\"u-clearfix u-sheet u-sheet-1\">\n        <div class=\"u-border-3 u-border-grey-dark-1 u-line u-line-horizontal u-line-1\"><\/div>\n        <div class=\"data-layout-selected u-clearfix u-expanded-width u-gutter-0 u-layout-wrap u-layout-wrap-1\">\n          <div class=\"u-layout\" style=\"\">\n            <div class=\"u-layout-row\" style=\"\">\n              <div class=\"u-align-left u-container-align-left u-container-style u-gradient u-layout-cell u-left-cell u-size-30 u-size-xs-60 u-layout-cell-1\" src=\"\" data-image-width=\"804\" data-image-height=\"516\">\n                <div class=\"u-container-layout u-container-layout-1\" src=\"\">\n                  <img class=\"custom-expanded u-image u-image-contain u-image-default lazyload u-image-1\" alt=\"\" data-image-width=\"2048\" data-image-height=\"1365\" data-src=\"https:\/\/preventncd.sum.edu.pl\/wp-content\/uploads\/2025\/06\/GZMpl.png\" loading=\"lazy\">\n                <\/div>\n              <\/div>\n              <div class=\"u-align-justify u-container-align-left u-container-style u-layout-cell u-right-cell u-size-30 u-size-xs-60 u-white u-layout-cell-2\">\n                <div class=\"u-container-layout u-valign-middle u-container-layout-2\">\n                  <p class=\"u-custom-font u-font-roboto u-text u-text-black u-text-1\"> We are very pleased to announce that our Joint Action PreventNCD event has received the Honorary Patronage of the Chairman of the Board of the Upper Silesian and Zag\u0142\u0119bie Metropolitan Area, Mr. Kazimierz Karolczak. This is a great support for us and confirmation that our initiative is of great importance for the region.\nThe Upper Silesian-Zag\u0142\u0119b\u00f3w Metropolis is the first and so far only metropolis in Poland established by law. It is formed by 41 cities and municipalities located in the central part of the Silesian Voivodeship, inhabited by more than 2 million fantastic residents.\nThe task of the GZM is to create the best possible conditions for its residents to live, educate, work and relax. The metropolis not only supports science and universities operating on its territory, but also organizes public transportation, develops urban mobility, tackles climate change and supports business.\nThe patronage of the President is an important signal that our activities are appreciated at the highest level and a motivation to continue working and developing the event!<\/p>\n                <\/div>\n              <\/div>\n            <\/div>\n          <\/div>\n        <\/div>\n      <\/div>\n    <\/section>\n    <section class=\"u-clearfix u-container-align-center u-section-10\" id=\"sec-9e1f\">\n      <div class=\"u-clearfix u-sheet u-sheet-1\">\n        <div class=\"u-border-3 u-border-grey-dark-1 u-line u-line-horizontal u-line-1\"><\/div>\n        <div class=\"data-layout-selected u-clearfix u-expanded-width u-gutter-0 u-layout-wrap u-layout-wrap-1\">\n          <div class=\"u-layout\" style=\"\">\n            <div class=\"u-layout-row\" style=\"\">\n              <div class=\"u-align-left u-container-align-left u-container-style u-gradient u-layout-cell u-left-cell u-size-30 u-size-xs-60 u-layout-cell-1\" src=\"\" data-image-width=\"804\" data-image-height=\"516\">\n                <div class=\"u-container-layout u-container-layout-1\" src=\"\">\n                  <img class=\"custom-expanded u-align-center u-image u-image-contain u-image-default lazyload u-image-1\" alt=\"\" data-image-width=\"1200\" data-image-height=\"800\" data-src=\"https:\/\/preventncd.sum.edu.pl\/wp-content\/uploads\/2025\/06\/opt_6.png.jpg\" loading=\"lazy\">\n                <\/div>\n              <\/div>\n              <div class=\"u-align-justify u-container-align-left u-container-style u-layout-cell u-right-cell u-size-30 u-size-xs-60 u-white u-layout-cell-2\">\n                <div class=\"u-container-layout u-valign-middle u-container-layout-2\">\n                  <p class=\"u-custom-font u-font-roboto u-text u-text-black u-text-1\">We are honored to announce that our event has received media patronage!<br>It is a great distinction for us that such prominent editorial teams and media institutions have chosen to support the Joint Action on the Prevention of Chronic and Oncological Diseases (Joint Action PreventNCD).<br>Having our June event under media patronage not only ensures that the public is informed about its goals and proceedings, but also includes participation in a press conference and the dissemination of the outcomes of our joint efforts. Thanks to this support, we can reach an even wider audience and strengthen the voice of prevention in the public debate! \n                  <\/p>\n                <\/div>\n              <\/div>\n            <\/div>\n          <\/div>\n        <\/div>\n      <\/div>\n    <\/section>\n    \n    \n    \n  \n<\/div>","protected":false},"excerpt":{"rendered":"<p>Patronaty Partner strategiczny:Z przyjemno\u015bci\u0105 og\u0142aszamy, \u017ce Miasto Katowice zosta\u0142o Partnerem Strategicznym naszego wydarzenia! Cieszymy si\u0119, \u017ce mo\u017cemy wsp\u00f3lnie tworzy\u0107 przestrze\u0144 sprzyjaj\u0105c\u0105 innowacjom, edukacji i wsp\u00f3\u0142pracy mi\u0119dzysektorowej. Jeste\u015bmy dumni, \u017ce Katowice konsekwentnie wspieraj\u0105 zdrowe, ambitne i przysz\u0142o\u015bciowe dzia\u0142ania!&nbsp;&nbsp; Z przyjemno\u015bci\u0105 informujemy, \u017ce Minister do spraw Unii Europejskiej \u2013 Adam Sz\u0142apka, w dniu 05.03.2025 r. podj\u0105\u0142 decyzj\u0119 [&hellip;]<\/p>","protected":false},"author":1,"featured_media":0,"parent":0,"menu_order":0,"comment_status":"closed","ping_status":"closed","template":"","meta":{"footnotes":""},"class_list":["post-841","page","type-page","status-publish","hentry"],"blocksy_meta":[],"_links":{"self":[{"href":"https:\/\/preventncd.sum.edu.pl\/en\/wp-json\/wp\/v2\/pages\/841","targetHints":{"allow":["GET"]}}],"collection":[{"href":"https:\/\/preventncd.sum.edu.pl\/en\/wp-json\/wp\/v2\/pages"}],"about":[{"href":"https:\/\/preventncd.sum.edu.pl\/en\/wp-json\/wp\/v2\/types\/page"}],"author":[{"embeddable":true,"href":"https:\/\/preventncd.sum.edu.pl\/en\/wp-json\/wp\/v2\/users\/1"}],"replies":[{"embeddable":true,"href":"https:\/\/preventncd.sum.edu.pl\/en\/wp-json\/wp\/v2\/comments?post=841"}],"version-history":[{"count":18,"href":"https:\/\/preventncd.sum.edu.pl\/en\/wp-json\/wp\/v2\/pages\/841\/revisions"}],"predecessor-version":[{"id":1559,"href":"https:\/\/preventncd.sum.edu.pl\/en\/wp-json\/wp\/v2\/pages\/841\/revisions\/1559"}],"wp:attachment":[{"href":"https:\/\/preventncd.sum.edu.pl\/en\/wp-json\/wp\/v2\/media?parent=841"}],"curies":[{"name":"wp","href":"https:\/\/api.w.org\/{rel}","templated":true}]}}