{"id":837,"date":"2025-03-11T07:46:39","date_gmt":"2025-03-11T06:46:39","guid":{"rendered":"https:\/\/preventncd.sum.edu.pl\/?page_id=837"},"modified":"2025-11-03T13:08:12","modified_gmt":"2025-11-03T12:08:12","slug":"wydarzenia","status":"publish","type":"page","link":"https:\/\/preventncd.sum.edu.pl\/en\/wydarzenia\/","title":{"rendered":"Events"},"content":{"rendered":"<div class=\"\" style=\"\" >\n    \n    <section class=\"u-align-center u-clearfix u-container-align-center u-white u-section-2\" id=\"sec-dbbd\">\n      <div class=\"u-clearfix u-sheet u-valign-middle-xs u-sheet-1\">\n        <p class=\"u-custom-font u-font-roboto u-text u-text-black u-text-default u-text-1\">Events<\/p>\n        <div class=\"u-blog u-expanded-width u-blog-1\" data-site-sorting-prop=\"created\" data-site-sorting-order=\"desc\" data-blog-source-type=\"Custom\" data-blog-source=\"Wydarzenia\">\n          <div class=\"u-list-control\"><\/div>\n          <div class=\"u-repeater u-repeater-1\">\n            <div class=\"u-blog-post u-border-1 u-border-grey-25 u-repeater-item u-white u-repeater-item-1\">\n              <div class=\"u-container-layout u-similar-container u-container-layout-1\"><a class=\"u-blog-control u-expanded-width u-hover-feature u-image u-image-default lazyload u-image-1\" href=\"https:\/\/preventncd.sum.edu.pl\/en\/slaski-uniwersytet-medyczny-na-wellbeing-economy-forum-2026\/\">\n                <img alt=\"\" class=\"u-blog-control u-expanded-width u-hover-feature u-image u-image-default lazyload u-image-1\" data-image-width=\"1920\" data-image-height=\"1080\" data-src=\"https:\/\/preventncd.sum.edu.pl\/wp-content\/uploads\/2026\/03\/31-1-1024x576.jpg\" loading=\"lazy\"><\/a>\n                <div class=\"u-container-style u-expanded-width-md u-expanded-width-sm u-expanded-width-xs u-group u-video-cover u-group-1\">\n                  <div class=\"u-container-layout u-valign-top-xs u-container-layout-2\">\n                    <div class=\"u-blog-control u-metadata u-text-grey-50 u-metadata-1\"><span class=\"u-meta-date u-meta-icon\">2026-04-21<\/span>\n                    <\/div>\n                    <h2 class=\"u-blog-control u-custom-font u-font-roboto u-text u-text-black u-text-default u-text-2\">\n                      <a class=\"u-post-header-link\" href=\"https:\/\/preventncd.sum.edu.pl\/en\/slaski-uniwersytet-medyczny-na-wellbeing-economy-forum-2026\/\" style=\"\">Medical University of Silesia at the Wellbeing Economy Forum 2026<\/a>\n                    <\/h2>\n                    <a href=\"https:\/\/preventncd.sum.edu.pl\/en\/slaski-uniwersytet-medyczny-na-wellbeing-economy-forum-2026\/\" class=\"u-blog-control u-border-2 u-border-no-left u-border-no-right u-border-no-top u-border-palette-1-base u-btn u-btn-rectangle u-button-style u-custom-font u-font-roboto u-none u-text-body-color u-btn-1\">Read More<\/a>\n                  <\/div>\n                <\/div>\n              <\/div>\n            <\/div>\n            <div class=\"u-blog-post u-border-1 u-border-grey-25 u-repeater-item u-video-cover u-white u-repeater-item-2\">\n              <div class=\"u-container-layout u-similar-container u-container-layout-3\"><a class=\"u-blog-control u-expanded-width u-hover-feature u-image u-image-default lazyload u-image-2\" href=\"https:\/\/preventncd.sum.edu.pl\/en\/wizyta-ekspertow-projektu-ja-preventncd-w-rybniku\/\">\n                <img alt=\"\" class=\"u-blog-control u-expanded-width u-hover-feature u-image u-image-default lazyload u-image-2\" data-image-width=\"1920\" data-image-height=\"1080\" data-src=\"https:\/\/preventncd.sum.edu.pl\/wp-content\/uploads\/2026\/04\/44-1024x576.jpg\" loading=\"lazy\"><\/a>\n                <div class=\"u-container-style u-expanded-width-md u-expanded-width-sm u-expanded-width-xs u-group u-video-cover u-group-2\">\n                  <div class=\"u-container-layout u-valign-top-xs u-container-layout-4\">\n                    <div class=\"u-blog-control u-metadata u-text-grey-50 u-metadata-2\"><span class=\"u-meta-date u-meta-icon\">2026-04-15<\/span>\n                    <\/div>\n                    <h2 class=\"u-blog-control u-custom-font u-font-roboto u-text u-text-black u-text-default u-text-3\">\n                      <a class=\"u-post-header-link\" href=\"https:\/\/preventncd.sum.edu.pl\/en\/wizyta-ekspertow-projektu-ja-preventncd-w-rybniku\/\" style=\"\">Visit of JA PreventNCD experts in Rybnik<\/a>\n                    <\/h2>\n                    <a href=\"https:\/\/preventncd.sum.edu.pl\/en\/wizyta-ekspertow-projektu-ja-preventncd-w-rybniku\/\" class=\"u-blog-control u-border-2 u-border-no-left u-border-no-right u-border-no-top u-border-palette-1-base u-btn u-btn-rectangle u-button-style u-custom-font u-font-roboto u-none u-text-body-color u-btn-2\">Read More<\/a>\n                  <\/div>\n                <\/div>\n              <\/div>\n            <\/div>\n            <div class=\"u-blog-post u-border-1 u-border-grey-25 u-repeater-item u-video-cover u-white u-repeater-item-3\">\n              <div class=\"u-container-layout u-similar-container u-container-layout-5\"><a class=\"u-blog-control u-expanded-width u-hover-feature u-image u-image-default lazyload u-image-3\" href=\"https:\/\/preventncd.sum.edu.pl\/en\/spotkanie-pr6-projektu-ja-preventncd\/\">\n                <img alt=\"\" class=\"u-blog-control u-expanded-width u-hover-feature u-image u-image-default lazyload u-image-3\" data-src=\"https:\/\/preventncd.sum.edu.pl\/wp-content\/uploads\/2026\/03\/32-1024x576.jpg\" loading=\"lazy\"><\/a>\n                <div class=\"u-container-style u-expanded-width-md u-expanded-width-sm u-expanded-width-xs u-group u-video-cover u-group-3\">\n                  <div class=\"u-container-layout u-valign-top-xs u-container-layout-6\">\n                    <div class=\"u-blog-control u-metadata u-text-grey-50 u-metadata-3\"><span class=\"u-meta-date u-meta-icon\">2026-03-26<\/span>\n                    <\/div>\n                    <h2 class=\"u-blog-control u-custom-font u-font-roboto u-text u-text-black u-text-default u-text-4\">\n                      <a class=\"u-post-header-link\" href=\"https:\/\/preventncd.sum.edu.pl\/en\/spotkanie-pr6-projektu-ja-preventncd\/\" style=\"\">Meeting of Work Package No. 6 of the JA PreventNCD Project<\/a>\n                    <\/h2>\n                    <a href=\"https:\/\/preventncd.sum.edu.pl\/en\/spotkanie-pr6-projektu-ja-preventncd\/\" class=\"u-blog-control u-border-2 u-border-no-left u-border-no-right u-border-no-top u-border-palette-1-base u-btn u-btn-rectangle u-button-style u-custom-font u-font-roboto u-none u-text-body-color u-btn-3\">Read More<\/a>\n                  <\/div>\n                <\/div>\n              <\/div>\n            <\/div>\n            <div class=\"u-blog-post u-border-1 u-border-grey-25 u-repeater-item u-video-cover u-white u-repeater-item-4\">\n              <div class=\"u-container-layout u-similar-container u-container-layout-7\"><a class=\"u-blog-control u-expanded-width u-hover-feature u-image u-image-default lazyload u-image-4\" href=\"https:\/\/preventncd.sum.edu.pl\/en\/pierwsze-spotkanie-interesariuszy-ja-preventncd-4\/\">\n                <img alt=\"\" class=\"u-blog-control u-expanded-width u-hover-feature u-image u-image-default lazyload u-image-4\" data-src=\"https:\/\/preventncd.sum.edu.pl\/wp-content\/uploads\/2026\/03\/JA-PreventNCD-23-1024x576.jpg\" loading=\"lazy\"><\/a>\n                <div class=\"u-container-style u-expanded-width-md u-expanded-width-sm u-expanded-width-xs u-group u-group-4\">\n                  <div class=\"u-container-layout u-valign-top-xs u-container-layout-8\">\n                    <div class=\"u-blog-control u-metadata u-text-grey-50 u-metadata-4\"><span class=\"u-meta-date u-meta-icon\">2026-03-16<\/span>\n                    <\/div>\n                    <h2 class=\"u-blog-control u-custom-font u-font-roboto u-text u-text-black u-text-default u-text-5\">\n                      <a class=\"u-post-header-link\" href=\"https:\/\/preventncd.sum.edu.pl\/en\/pierwsze-spotkanie-interesariuszy-ja-preventncd-4\/\" style=\"\">The First Stakeholder Meeting of JA PreventNCD<\/a>\n                    <\/h2>\n                    <a href=\"https:\/\/preventncd.sum.edu.pl\/en\/pierwsze-spotkanie-interesariuszy-ja-preventncd-4\/\" class=\"u-blog-control u-border-2 u-border-no-left u-border-no-right u-border-no-top u-border-palette-1-base u-btn u-btn-rectangle u-button-style u-custom-font u-font-roboto u-none u-text-body-color u-btn-4\">Read More<\/a>\n                  <\/div>\n                <\/div>\n              <\/div>\n            <\/div>\n            <div class=\"u-blog-post u-border-1 u-border-grey-25 u-repeater-item u-white u-repeater-item-1\">\n              <div class=\"u-container-layout u-similar-container u-container-layout-1\"><a class=\"u-blog-control u-expanded-width u-hover-feature u-image u-image-default lazyload u-image-1\" href=\"https:\/\/preventncd.sum.edu.pl\/en\/spotkanie-koordynacyjne-ja-preventncd-z-biurem-regionalnym-who-dla-europy-w-kopenhadze-2\/\">\n                <img alt=\"\" class=\"u-blog-control u-expanded-width u-hover-feature u-image u-image-default lazyload u-image-1\" data-image-width=\"1920\" data-image-height=\"1080\" data-src=\"https:\/\/preventncd.sum.edu.pl\/wp-content\/uploads\/2026\/03\/JA-PreventNCD-21-1024x576.jpg\" loading=\"lazy\"><\/a>\n                <div class=\"u-container-style u-expanded-width-md u-expanded-width-sm u-expanded-width-xs u-group u-video-cover u-group-1\">\n                  <div class=\"u-container-layout u-valign-top-xs u-container-layout-2\">\n                    <div class=\"u-blog-control u-metadata u-text-grey-50 u-metadata-1\"><span class=\"u-meta-date u-meta-icon\">2026-03-06<\/span>\n                    <\/div>\n                    <h2 class=\"u-blog-control u-custom-font u-font-roboto u-text u-text-black u-text-default u-text-2\">\n                      <a class=\"u-post-header-link\" href=\"https:\/\/preventncd.sum.edu.pl\/en\/spotkanie-koordynacyjne-ja-preventncd-z-biurem-regionalnym-who-dla-europy-w-kopenhadze-2\/\" style=\"\">JA PreventNCD Coordination Meeting with WHO Regional Office for Europe in Copenhagen<\/a>\n                    <\/h2>\n                    <a href=\"https:\/\/preventncd.sum.edu.pl\/en\/spotkanie-koordynacyjne-ja-preventncd-z-biurem-regionalnym-who-dla-europy-w-kopenhadze-2\/\" class=\"u-blog-control u-border-2 u-border-no-left u-border-no-right u-border-no-top u-border-palette-1-base u-btn u-btn-rectangle u-button-style u-custom-font u-font-roboto u-none u-text-body-color u-btn-1\">Read More<\/a>\n                  <\/div>\n                <\/div>\n              <\/div>\n            <\/div>\n            <div class=\"u-blog-post u-border-1 u-border-grey-25 u-repeater-item u-video-cover u-white u-repeater-item-2\">\n              <div class=\"u-container-layout u-similar-container u-container-layout-3\"><a class=\"u-blog-control u-expanded-width u-hover-feature u-image u-image-default lazyload u-image-2\" href=\"https:\/\/preventncd.sum.edu.pl\/en\/pierwsze-spotkanie-interesariuszy-ja-preventncd-2-2\/\">\n                <img alt=\"\" class=\"u-blog-control u-expanded-width u-hover-feature u-image u-image-default lazyload u-image-2\" data-image-width=\"1920\" data-image-height=\"1080\" data-src=\"https:\/\/preventncd.sum.edu.pl\/wp-content\/uploads\/2026\/02\/JA-PreventNCD-15-1-1024x576.jpg\" loading=\"lazy\"><\/a>\n                <div class=\"u-container-style u-expanded-width-md u-expanded-width-sm u-expanded-width-xs u-group u-video-cover u-group-2\">\n                  <div class=\"u-container-layout u-valign-top-xs u-container-layout-4\">\n                    <div class=\"u-blog-control u-metadata u-text-grey-50 u-metadata-2\"><span class=\"u-meta-date u-meta-icon\">2026-02-26<\/span>\n                    <\/div>\n                    <h2 class=\"u-blog-control u-custom-font u-font-roboto u-text u-text-black u-text-default u-text-3\">\n                      <a class=\"u-post-header-link\" href=\"https:\/\/preventncd.sum.edu.pl\/en\/pierwsze-spotkanie-interesariuszy-ja-preventncd-2-2\/\" style=\"\">WHO Regional Office for Europe Meeting and JA PreventNCD Executive Committee Meeting<\/a>\n                    <\/h2>\n                    <a href=\"https:\/\/preventncd.sum.edu.pl\/en\/pierwsze-spotkanie-interesariuszy-ja-preventncd-2-2\/\" class=\"u-blog-control u-border-2 u-border-no-left u-border-no-right u-border-no-top u-border-palette-1-base u-btn u-btn-rectangle u-button-style u-custom-font u-font-roboto u-none u-text-body-color u-btn-2\">Read More<\/a>\n                  <\/div>\n                <\/div>\n              <\/div>\n            <\/div>\n            <div class=\"u-blog-post u-border-1 u-border-grey-25 u-repeater-item u-video-cover u-white u-repeater-item-3\">\n              <div class=\"u-container-layout u-similar-container u-container-layout-5\"><a class=\"u-blog-control u-expanded-width u-hover-feature u-image u-image-default lazyload u-image-3\" href=\"https:\/\/preventncd.sum.edu.pl\/en\/pierwsze-spotkanie-interesariuszy-ja-preventncd-2\/\">\n                <img alt=\"\" class=\"u-blog-control u-expanded-width u-hover-feature u-image u-image-default lazyload u-image-3\" data-src=\"https:\/\/preventncd.sum.edu.pl\/wp-content\/uploads\/2026\/01\/JA-PreventNCD-11-1-1024x576.jpg\" loading=\"lazy\"><\/a>\n                <div class=\"u-container-style u-expanded-width-md u-expanded-width-sm u-expanded-width-xs u-group u-video-cover u-group-3\">\n                  <div class=\"u-container-layout u-valign-top-xs u-container-layout-6\">\n                    <div class=\"u-blog-control u-metadata u-text-grey-50 u-metadata-3\"><span class=\"u-meta-date u-meta-icon\">2026-01-28<\/span>\n                    <\/div>\n                    <h2 class=\"u-blog-control u-custom-font u-font-roboto u-text u-text-black u-text-default u-text-4\">\n                      <a class=\"u-post-header-link\" href=\"https:\/\/preventncd.sum.edu.pl\/en\/pierwsze-spotkanie-interesariuszy-ja-preventncd-2\/\" style=\"\">The First Stakeholder Meeting of JA PreventNCD<\/a>\n                    <\/h2>\n                    <a href=\"https:\/\/preventncd.sum.edu.pl\/en\/pierwsze-spotkanie-interesariuszy-ja-preventncd-2\/\" class=\"u-blog-control u-border-2 u-border-no-left u-border-no-right u-border-no-top u-border-palette-1-base u-btn u-btn-rectangle u-button-style u-custom-font u-font-roboto u-none u-text-body-color u-btn-3\">Read More<\/a>\n                  <\/div>\n                <\/div>\n              <\/div>\n            <\/div>\n            <div class=\"u-blog-post u-border-1 u-border-grey-25 u-repeater-item u-video-cover u-white u-repeater-item-4\">\n              <div class=\"u-container-layout u-similar-container u-container-layout-7\"><a class=\"u-blog-control u-expanded-width u-hover-feature u-image u-image-default lazyload u-image-4\" href=\"https:\/\/preventncd.sum.edu.pl\/en\/spotkanie-partnerow-wp5-kopenhaga-2-3\/\">\n                <img alt=\"\" class=\"u-blog-control u-expanded-width u-hover-feature u-image u-image-default lazyload u-image-4\" data-src=\"https:\/\/preventncd.sum.edu.pl\/wp-content\/uploads\/2025\/11\/JA-PreventNCD-6.jpg\" loading=\"lazy\"><\/a>\n                <div class=\"u-container-style u-expanded-width-md u-expanded-width-sm u-expanded-width-xs u-group u-group-4\">\n                  <div class=\"u-container-layout u-valign-top-xs u-container-layout-8\">\n                    <div class=\"u-blog-control u-metadata u-text-grey-50 u-metadata-4\"><span class=\"u-meta-date u-meta-icon\">2025-11-07<\/span>\n                    <\/div>\n                    <h2 class=\"u-blog-control u-custom-font u-font-roboto u-text u-text-black u-text-default u-text-5\">\n                      <a class=\"u-post-header-link\" href=\"https:\/\/preventncd.sum.edu.pl\/en\/spotkanie-partnerow-wp5-kopenhaga-2-3\/\" style=\"\">Meeting of the Executive Committee of the Joint Action PreventNCD project in Brussels<\/a>\n                    <\/h2>\n                    <a href=\"https:\/\/preventncd.sum.edu.pl\/en\/spotkanie-partnerow-wp5-kopenhaga-2-3\/\" class=\"u-blog-control u-border-2 u-border-no-left u-border-no-right u-border-no-top u-border-palette-1-base u-btn u-btn-rectangle u-button-style u-custom-font u-font-roboto u-none u-text-body-color u-btn-4\">Read More<\/a>\n                  <\/div>\n                <\/div>\n              <\/div>\n            <\/div>\n            <div class=\"u-blog-post u-border-1 u-border-grey-25 u-repeater-item u-white u-repeater-item-1\">\n              <div class=\"u-container-layout u-similar-container u-container-layout-1\"><a class=\"u-blog-control u-expanded-width u-hover-feature u-image u-image-default lazyload u-image-1\" href=\"https:\/\/preventncd.sum.edu.pl\/en\/spotkanie-partnerow-wp5-kopenhaga-2\/\">\n                <img alt=\"\" class=\"u-blog-control u-expanded-width u-hover-feature u-image u-image-default lazyload u-image-1\" data-image-width=\"1920\" data-image-height=\"1080\" data-src=\"https:\/\/preventncd.sum.edu.pl\/wp-content\/uploads\/2025\/11\/8.jpg\" loading=\"lazy\"><\/a>\n                <div class=\"u-container-style u-expanded-width-md u-expanded-width-sm u-expanded-width-xs u-group u-video-cover u-group-1\">\n                  <div class=\"u-container-layout u-valign-top-xs u-container-layout-2\">\n                    <div class=\"u-blog-control u-metadata u-text-grey-50 u-metadata-1\"><span class=\"u-meta-date u-meta-icon\">2025-11-03<\/span>\n                    <\/div>\n                    <h2 class=\"u-blog-control u-custom-font u-font-roboto u-text u-text-black u-text-default u-text-2\">\n                      <a class=\"u-post-header-link\" href=\"https:\/\/preventncd.sum.edu.pl\/en\/spotkanie-partnerow-wp5-kopenhaga-2\/\" style=\"\">JA PreventNCD to Co-organise a Pre-conference Session at the 2025 EPH Conference in Helsinki<\/a>\n                    <\/h2>\n                    <a href=\"https:\/\/preventncd.sum.edu.pl\/en\/spotkanie-partnerow-wp5-kopenhaga-2\/\" class=\"u-blog-control u-border-2 u-border-no-left u-border-no-right u-border-no-top u-border-palette-1-base u-btn u-btn-rectangle u-button-style u-custom-font u-font-roboto u-none u-text-body-color u-btn-1\">Read More<\/a>\n                  <\/div>\n                <\/div>\n              <\/div>\n            <\/div>\n            <div class=\"u-blog-post u-border-1 u-border-grey-25 u-repeater-item u-video-cover u-white u-repeater-item-2\">\n              <div class=\"u-container-layout u-similar-container u-container-layout-3\"><a class=\"u-blog-control u-expanded-width u-hover-feature u-image u-image-default lazyload u-image-2\" href=\"https:\/\/preventncd.sum.edu.pl\/en\/spotkanie-partnerow-wp5-kopenhaga-2-2\/\">\n                <img alt=\"\" class=\"u-blog-control u-expanded-width u-hover-feature u-image u-image-default lazyload u-image-2\" data-image-width=\"1920\" data-image-height=\"1080\" data-src=\"https:\/\/preventncd.sum.edu.pl\/wp-content\/uploads\/2025\/11\/10.jpg\" loading=\"lazy\"><\/a>\n                <div class=\"u-container-style u-expanded-width-md u-expanded-width-sm u-expanded-width-xs u-group u-video-cover u-group-2\">\n                  <div class=\"u-container-layout u-valign-top-xs u-container-layout-4\">\n                    <div class=\"u-blog-control u-metadata u-text-grey-50 u-metadata-2\"><span class=\"u-meta-date u-meta-icon\">2025-11-03<\/span>\n                    <\/div>\n                    <h2 class=\"u-blog-control u-custom-font u-font-roboto u-text u-text-black u-text-default u-text-3\">\n                      <a class=\"u-post-header-link\" href=\"https:\/\/preventncd.sum.edu.pl\/en\/spotkanie-partnerow-wp5-kopenhaga-2-2\/\" style=\"\">JA PreventNCD at the JACARDI General Assembly in Madrid<\/a>\n                    <\/h2>\n                    <a href=\"https:\/\/preventncd.sum.edu.pl\/en\/spotkanie-partnerow-wp5-kopenhaga-2-2\/\" class=\"u-blog-control u-border-2 u-border-no-left u-border-no-right u-border-no-top u-border-palette-1-base u-btn u-btn-rectangle u-button-style u-custom-font u-font-roboto u-none u-text-body-color u-btn-2\">Read More<\/a>\n                  <\/div>\n                <\/div>\n              <\/div>\n            <\/div>\n            <div class=\"u-blog-post u-border-1 u-border-grey-25 u-repeater-item u-video-cover u-white u-repeater-item-3\">\n              <div class=\"u-container-layout u-similar-container u-container-layout-5\"><a class=\"u-blog-control u-expanded-width u-hover-feature u-image u-image-default lazyload u-image-3\" href=\"https:\/\/preventncd.sum.edu.pl\/en\/spotkanie-partnerow-wp5-kopenhaga\/\">\n                <img alt=\"\" class=\"u-blog-control u-expanded-width u-hover-feature u-image u-image-default lazyload u-image-3\" data-src=\"https:\/\/preventncd.sum.edu.pl\/wp-content\/uploads\/2025\/10\/4.png\" loading=\"lazy\"><\/a>\n                <div class=\"u-container-style u-expanded-width-md u-expanded-width-sm u-expanded-width-xs u-group u-video-cover u-group-3\">\n                  <div class=\"u-container-layout u-valign-top-xs u-container-layout-6\">\n                    <div class=\"u-blog-control u-metadata u-text-grey-50 u-metadata-3\"><span class=\"u-meta-date u-meta-icon\">2025-10-02<\/span>\n                    <\/div>\n                    <h2 class=\"u-blog-control u-custom-font u-font-roboto u-text u-text-black u-text-default u-text-4\">\n                      <a class=\"u-post-header-link\" href=\"https:\/\/preventncd.sum.edu.pl\/en\/spotkanie-partnerow-wp5-kopenhaga\/\" style=\"\">Meeting of WP5 Partners in Copenhagen<\/a>\n                    <\/h2>\n                    <a href=\"https:\/\/preventncd.sum.edu.pl\/en\/spotkanie-partnerow-wp5-kopenhaga\/\" class=\"u-blog-control u-border-2 u-border-no-left u-border-no-right u-border-no-top u-border-palette-1-base u-btn u-btn-rectangle u-button-style u-custom-font u-font-roboto u-none u-text-body-color u-btn-3\">Read More<\/a>\n                  <\/div>\n                <\/div>\n              <\/div>\n            <\/div>\n            <div class=\"u-blog-post u-border-1 u-border-grey-25 u-repeater-item u-video-cover u-white u-repeater-item-4\">\n              <div class=\"u-container-layout u-similar-container u-container-layout-7\"><a class=\"u-blog-control u-expanded-width u-hover-feature u-image u-image-default lazyload u-image-4\" href=\"https:\/\/preventncd.sum.edu.pl\/en\/spotkanie-zespolu-ds-zrownowazonego-rozwoju-japreventncd-3-2\/\">\n                <img alt=\"\" class=\"u-blog-control u-expanded-width u-hover-feature u-image u-image-default lazyload u-image-4\" data-src=\"https:\/\/preventncd.sum.edu.pl\/wp-content\/uploads\/2025\/10\/5.jpg\" loading=\"lazy\"><\/a>\n                <div class=\"u-container-style u-expanded-width-md u-expanded-width-sm u-expanded-width-xs u-group u-group-4\">\n                  <div class=\"u-container-layout u-valign-top-xs u-container-layout-8\">\n                    <div class=\"u-blog-control u-metadata u-text-grey-50 u-metadata-4\"><span class=\"u-meta-date u-meta-icon\">2025-10-01<\/span>\n                    <\/div>\n                    <h2 class=\"u-blog-control u-custom-font u-font-roboto u-text u-text-black u-text-default u-text-5\">\n                      <a class=\"u-post-header-link\" href=\"https:\/\/preventncd.sum.edu.pl\/en\/spotkanie-zespolu-ds-zrownowazonego-rozwoju-japreventncd-3-2\/\" style=\"\">Meeting of the Intersectoral Working Group on Public Food Procurement<\/a>\n                    <\/h2>\n                    <a href=\"https:\/\/preventncd.sum.edu.pl\/en\/spotkanie-zespolu-ds-zrownowazonego-rozwoju-japreventncd-3-2\/\" class=\"u-blog-control u-border-2 u-border-no-left u-border-no-right u-border-no-top u-border-palette-1-base u-btn u-btn-rectangle u-button-style u-custom-font u-font-roboto u-none u-text-body-color u-btn-4\">Read More<\/a>\n                  <\/div>\n                <\/div>\n              <\/div>\n            <\/div>\n            <div class=\"u-blog-post u-border-1 u-border-grey-25 u-repeater-item u-white u-repeater-item-1\">\n              <div class=\"u-container-layout u-similar-container u-container-layout-1\"><a class=\"u-blog-control u-expanded-width u-hover-feature u-image u-image-default lazyload u-image-1\" href=\"https:\/\/preventncd.sum.edu.pl\/en\/spotkanie-zespolu-ds-zrownowazonego-rozwoju-japreventncd-3\/\">\n                <img alt=\"obraz dekoracyjny\" class=\"u-blog-control u-expanded-width u-hover-feature u-image u-image-default lazyload u-image-1\" data-image-width=\"1920\" data-image-height=\"1080\" data-src=\"https:\/\/preventncd.sum.edu.pl\/wp-content\/uploads\/2025\/09\/JA-PreventNCD-3.jpg\" loading=\"lazy\"><\/a>\n                <div class=\"u-container-style u-expanded-width-md u-expanded-width-sm u-expanded-width-xs u-group u-video-cover u-group-1\">\n                  <div class=\"u-container-layout u-valign-top-xs u-container-layout-2\">\n                    <div class=\"u-blog-control u-metadata u-text-grey-50 u-metadata-1\"><span class=\"u-meta-date u-meta-icon\">2025-09-22<\/span>\n                    <\/div>\n                    <h2 class=\"u-blog-control u-custom-font u-font-roboto u-text u-text-black u-text-default u-text-2\">\n                      <a class=\"u-post-header-link\" href=\"https:\/\/preventncd.sum.edu.pl\/en\/spotkanie-zespolu-ds-zrownowazonego-rozwoju-japreventncd-3\/\" style=\"\">2nd JA PreventNCD Policy Makers Forum in Brussels<\/a>\n                    <\/h2>\n                    <a href=\"https:\/\/preventncd.sum.edu.pl\/en\/spotkanie-zespolu-ds-zrownowazonego-rozwoju-japreventncd-3\/\" class=\"u-blog-control u-border-2 u-border-no-left u-border-no-right u-border-no-top u-border-palette-1-base u-btn u-btn-rectangle u-button-style u-custom-font u-font-roboto u-none u-text-body-color u-btn-1\">Read More<\/a>\n                  <\/div>\n                <\/div>\n              <\/div>\n            <\/div>\n            <div class=\"u-blog-post u-border-1 u-border-grey-25 u-repeater-item u-video-cover u-white u-repeater-item-2\">\n              <div class=\"u-container-layout u-similar-container u-container-layout-3\"><a class=\"u-blog-control u-expanded-width u-hover-feature u-image u-image-default lazyload u-image-2\" href=\"https:\/\/preventncd.sum.edu.pl\/en\/spotkanie-zespolu-ds-zrownowazonego-rozwoju-japreventncd-2-2\/\">\n                <img alt=\"\" class=\"u-blog-control u-expanded-width u-hover-feature u-image u-image-default lazyload u-image-2\" data-image-width=\"1920\" data-image-height=\"1080\" data-src=\"https:\/\/preventncd.sum.edu.pl\/wp-content\/uploads\/2025\/06\/opt_01.jpg\" loading=\"lazy\"><\/a>\n                <div class=\"u-container-style u-expanded-width-md u-expanded-width-sm u-expanded-width-xs u-group u-video-cover u-group-2\">\n                  <div class=\"u-container-layout u-valign-top-xs u-container-layout-4\">\n                    <div class=\"u-blog-control u-metadata u-text-grey-50 u-metadata-2\"><span class=\"u-meta-date u-meta-icon\">2025-06-30<\/span>\n                    <\/div>\n                    <h2 class=\"u-blog-control u-custom-font u-font-roboto u-text u-text-black u-text-default u-text-3\">\n                      <a class=\"u-post-header-link\" href=\"https:\/\/preventncd.sum.edu.pl\/en\/spotkanie-zespolu-ds-zrownowazonego-rozwoju-japreventncd-2-2\/\" style=\"\">Meeting of the JA PreventNCD and EU-CNCD Consortium in Katowice<\/a>\n                    <\/h2>\n                    <a href=\"https:\/\/preventncd.sum.edu.pl\/en\/spotkanie-zespolu-ds-zrownowazonego-rozwoju-japreventncd-2-2\/\" class=\"u-blog-control u-border-2 u-border-no-left u-border-no-right u-border-no-top u-border-palette-1-base u-btn u-btn-rectangle u-button-style u-custom-font u-font-roboto u-none u-text-body-color u-btn-2\">Read More<\/a>\n                  <\/div>\n                <\/div>\n              <\/div>\n            <\/div>\n            <div class=\"u-blog-post u-border-1 u-border-grey-25 u-repeater-item u-video-cover u-white u-repeater-item-3\">\n              <div class=\"u-container-layout u-similar-container u-container-layout-5\"><a class=\"u-blog-control u-expanded-width u-hover-feature u-image u-image-default lazyload u-image-3\" href=\"https:\/\/preventncd.sum.edu.pl\/en\/spotkanie-zespolu-ds-zrownowazonego-rozwoju-japreventncd-2\/\">\n                <img alt=\"\" class=\"u-blog-control u-expanded-width u-hover-feature u-image u-image-default lazyload u-image-3\" data-src=\"https:\/\/preventncd.sum.edu.pl\/wp-content\/uploads\/2025\/06\/JA_P_2.jpg\" loading=\"lazy\"><\/a>\n                <div class=\"u-container-style u-expanded-width-md u-expanded-width-sm u-expanded-width-xs u-group u-video-cover u-group-3\">\n                  <div class=\"u-container-layout u-valign-top-xs u-container-layout-6\">\n                    <div class=\"u-blog-control u-metadata u-text-grey-50 u-metadata-3\"><span class=\"u-meta-date u-meta-icon\">2025-06-04<\/span>\n                    <\/div>\n                    <h2 class=\"u-blog-control u-custom-font u-font-roboto u-text u-text-black u-text-default u-text-4\">\n                      <a class=\"u-post-header-link\" href=\"https:\/\/preventncd.sum.edu.pl\/en\/spotkanie-zespolu-ds-zrownowazonego-rozwoju-japreventncd-2\/\" style=\"\">Visit of the JA PreventNCD Project Manager to the Medical University of Silesia<\/a>\n                    <\/h2>\n                    <a href=\"https:\/\/preventncd.sum.edu.pl\/en\/spotkanie-zespolu-ds-zrownowazonego-rozwoju-japreventncd-2\/\" class=\"u-blog-control u-border-2 u-border-no-left u-border-no-right u-border-no-top u-border-palette-1-base u-btn u-btn-rectangle u-button-style u-custom-font u-font-roboto u-none u-text-body-color u-btn-3\">Read More<\/a>\n                  <\/div>\n                <\/div>\n              <\/div>\n            <\/div>\n            <div class=\"u-blog-post u-border-1 u-border-grey-25 u-repeater-item u-video-cover u-white u-repeater-item-4\">\n              <div class=\"u-container-layout u-similar-container u-container-layout-7\"><a class=\"u-blog-control u-expanded-width u-hover-feature u-image u-image-default lazyload u-image-4\" href=\"https:\/\/preventncd.sum.edu.pl\/en\/spotkanie-zespolu-ds-zrownowazonego-rozwoju-japreventncd\/\">\n                <img alt=\"obraz dekoracyjny\" class=\"u-blog-control u-expanded-width u-hover-feature u-image u-image-default lazyload u-image-4\" data-src=\"https:\/\/preventncd.sum.edu.pl\/wp-content\/uploads\/2025\/05\/Obraz3.png\" loading=\"lazy\"><\/a>\n                <div class=\"u-container-style u-expanded-width-md u-expanded-width-sm u-expanded-width-xs u-group u-group-4\">\n                  <div class=\"u-container-layout u-valign-top-xs u-container-layout-8\">\n                    <div class=\"u-blog-control u-metadata u-text-grey-50 u-metadata-4\"><span class=\"u-meta-date u-meta-icon\">2025-05-12<\/span>\n                    <\/div>\n                    <h2 class=\"u-blog-control u-custom-font u-font-roboto u-text u-text-black u-text-default u-text-5\">\n                      <a class=\"u-post-header-link\" href=\"https:\/\/preventncd.sum.edu.pl\/en\/spotkanie-zespolu-ds-zrownowazonego-rozwoju-japreventncd\/\" style=\"\">JAPreventNCD Sustainability Team meeting<\/a>\n                    <\/h2>\n                    <a href=\"https:\/\/preventncd.sum.edu.pl\/en\/spotkanie-zespolu-ds-zrownowazonego-rozwoju-japreventncd\/\" class=\"u-blog-control u-border-2 u-border-no-left u-border-no-right u-border-no-top u-border-palette-1-base u-btn u-btn-rectangle u-button-style u-custom-font u-font-roboto u-none u-text-body-color u-btn-4\">Read More<\/a>\n                  <\/div>\n                <\/div>\n              <\/div>\n            <\/div>\n            <div class=\"u-blog-post u-border-1 u-border-grey-25 u-repeater-item u-white u-repeater-item-1\">\n              <div class=\"u-container-layout u-similar-container u-container-layout-1\"><a class=\"u-blog-control u-expanded-width u-hover-feature u-image u-image-default lazyload u-image-1\" href=\"https:\/\/preventncd.sum.edu.pl\/en\/wellbeing-economy-forum-2025-slaski-uniwersytet-medyczny-na-miedzynarodowym-forum-zdrowia-publicznego\/\">\n                <img alt=\"\" class=\"u-blog-control u-expanded-width u-hover-feature u-image u-image-default lazyload u-image-1\" data-image-width=\"1920\" data-image-height=\"1080\" data-src=\"https:\/\/preventncd.sum.edu.pl\/wp-content\/uploads\/2025\/05\/zdjecie-dekoracyjne-1.png\" loading=\"lazy\"><\/a>\n                <div class=\"u-container-style u-expanded-width-md u-expanded-width-sm u-expanded-width-xs u-group u-video-cover u-group-1\">\n                  <div class=\"u-container-layout u-valign-top-xs u-container-layout-2\">\n                    <div class=\"u-blog-control u-metadata u-text-grey-50 u-metadata-1\"><span class=\"u-meta-date u-meta-icon\">2025-05-09<\/span>\n                    <\/div>\n                    <h2 class=\"u-blog-control u-custom-font u-font-roboto u-text u-text-black u-text-default u-text-2\">\n                      <a class=\"u-post-header-link\" href=\"https:\/\/preventncd.sum.edu.pl\/en\/wellbeing-economy-forum-2025-slaski-uniwersytet-medyczny-na-miedzynarodowym-forum-zdrowia-publicznego\/\" style=\"\">Wellbeing Economy Forum 2025 \u2013 Medical University of Silesia at an International Public Health Forum<\/a>\n                    <\/h2>\n                    <a href=\"https:\/\/preventncd.sum.edu.pl\/en\/wellbeing-economy-forum-2025-slaski-uniwersytet-medyczny-na-miedzynarodowym-forum-zdrowia-publicznego\/\" class=\"u-blog-control u-border-2 u-border-no-left u-border-no-right u-border-no-top u-border-palette-1-base u-btn u-btn-rectangle u-button-style u-custom-font u-font-roboto u-none u-text-body-color u-btn-1\">Read More<\/a>\n                  <\/div>\n                <\/div>\n              <\/div>\n            <\/div>\n            <div class=\"u-blog-post u-border-1 u-border-grey-25 u-repeater-item u-video-cover u-white u-repeater-item-2\">\n              <div class=\"u-container-layout u-similar-container u-container-layout-3\"><a class=\"u-blog-control u-expanded-width u-hover-feature u-image u-image-default lazyload u-image-2\" href=\"https:\/\/preventncd.sum.edu.pl\/en\/postepy-w-zapobieganiu-chorobom-niezakaznym-kluczowe-wnioski-ze-spotkania-komitetu-wykonawczego-w-budapeszcie-2-2-3-2\/\">\n                <img alt=\"Przygotowania do Dorocznego Spotkania JA PreventNCD nabieraj\u0105 tempa\" class=\"u-blog-control u-expanded-width u-hover-feature u-image u-image-default lazyload u-image-2\" data-image-width=\"1920\" data-image-height=\"1080\" data-src=\"https:\/\/preventncd.sum.edu.pl\/wp-content\/uploads\/2025\/04\/1.png\" loading=\"lazy\"><\/a>\n                <div class=\"u-container-style u-expanded-width-md u-expanded-width-sm u-expanded-width-xs u-group u-video-cover u-group-2\">\n                  <div class=\"u-container-layout u-valign-top-xs u-container-layout-4\">\n                    <div class=\"u-blog-control u-metadata u-text-grey-50 u-metadata-2\"><span class=\"u-meta-date u-meta-icon\">2025-04-10<\/span>\n                    <\/div>\n                    <h2 class=\"u-blog-control u-custom-font u-font-roboto u-text u-text-black u-text-default u-text-3\">\n                      <a class=\"u-post-header-link\" href=\"https:\/\/preventncd.sum.edu.pl\/en\/postepy-w-zapobieganiu-chorobom-niezakaznym-kluczowe-wnioski-ze-spotkania-komitetu-wykonawczego-w-budapeszcie-2-2-3-2\/\" style=\"\">Preparations for the Annual JA PreventNCD Meeting are gaining momentum<\/a>\n                    <\/h2>\n                    <a href=\"https:\/\/preventncd.sum.edu.pl\/en\/postepy-w-zapobieganiu-chorobom-niezakaznym-kluczowe-wnioski-ze-spotkania-komitetu-wykonawczego-w-budapeszcie-2-2-3-2\/\" class=\"u-blog-control u-border-2 u-border-no-left u-border-no-right u-border-no-top u-border-palette-1-base u-btn u-btn-rectangle u-button-style u-custom-font u-font-roboto u-none u-text-body-color u-btn-2\">Read More<\/a>\n                  <\/div>\n                <\/div>\n              <\/div>\n            <\/div>\n            <div class=\"u-blog-post u-border-1 u-border-grey-25 u-repeater-item u-video-cover u-white u-repeater-item-3\">\n              <div class=\"u-container-layout u-similar-container u-container-layout-5\"><a class=\"u-blog-control u-expanded-width u-hover-feature u-image u-image-default lazyload u-image-3\" href=\"https:\/\/preventncd.sum.edu.pl\/en\/postepy-w-zapobieganiu-chorobom-niezakaznym-kluczowe-wnioski-ze-spotkania-komitetu-wykonawczego-w-budapeszcie-2-2-3\/\">\n                <img alt=\"\" class=\"u-blog-control u-expanded-width u-hover-feature u-image u-image-default lazyload u-image-3\" data-src=\"https:\/\/preventncd.sum.edu.pl\/wp-content\/uploads\/2025\/03\/Health4EUKids.png\" loading=\"lazy\"><\/a>\n                <div class=\"u-container-style u-expanded-width-md u-expanded-width-sm u-expanded-width-xs u-group u-video-cover u-group-3\">\n                  <div class=\"u-container-layout u-valign-top-xs u-container-layout-6\">\n                    <div class=\"u-blog-control u-metadata u-text-grey-50 u-metadata-3\"><span class=\"u-meta-date u-meta-icon\">2025-03-28<\/span>\n                    <\/div>\n                    <h2 class=\"u-blog-control u-custom-font u-font-roboto u-text u-text-black u-text-default u-text-4\">\n                      <a class=\"u-post-header-link\" href=\"https:\/\/preventncd.sum.edu.pl\/en\/postepy-w-zapobieganiu-chorobom-niezakaznym-kluczowe-wnioski-ze-spotkania-komitetu-wykonawczego-w-budapeszcie-2-2-3\/\" style=\"\">Health4EUKids &amp; PreventNCDs: Working together for child health in Europe<\/a>\n                    <\/h2>\n                    <a href=\"https:\/\/preventncd.sum.edu.pl\/en\/postepy-w-zapobieganiu-chorobom-niezakaznym-kluczowe-wnioski-ze-spotkania-komitetu-wykonawczego-w-budapeszcie-2-2-3\/\" class=\"u-blog-control u-border-2 u-border-no-left u-border-no-right u-border-no-top u-border-palette-1-base u-btn u-btn-rectangle u-button-style u-custom-font u-font-roboto u-none u-text-body-color u-btn-3\">Read More<\/a>\n                  <\/div>\n                <\/div>\n              <\/div>\n            <\/div>\n            <div class=\"u-blog-post u-border-1 u-border-grey-25 u-repeater-item u-video-cover u-white u-repeater-item-4\">\n              <div class=\"u-container-layout u-similar-container u-container-layout-7\"><a class=\"u-blog-control u-expanded-width u-hover-feature u-image u-image-default lazyload u-image-4\" href=\"https:\/\/preventncd.sum.edu.pl\/en\/postepy-w-zapobieganiu-chorobom-niezakaznym-kluczowe-wnioski-ze-spotkania-komitetu-wykonawczego-w-budapeszcie-2-2-2\/\">\n                <img alt=\"\" class=\"u-blog-control u-expanded-width u-hover-feature u-image u-image-default lazyload u-image-4\" data-src=\"https:\/\/preventncd.sum.edu.pl\/wp-content\/uploads\/2025\/03\/opt_1.png.jpg\" loading=\"lazy\"><\/a>\n                <div class=\"u-container-style u-expanded-width-md u-expanded-width-sm u-expanded-width-xs u-group u-group-4\">\n                  <div class=\"u-container-layout u-valign-top-xs u-container-layout-8\">\n                    <div class=\"u-blog-control u-metadata u-text-grey-50 u-metadata-4\"><span class=\"u-meta-date u-meta-icon\">2025-03-21<\/span>\n                    <\/div>\n                    <h2 class=\"u-blog-control u-custom-font u-font-roboto u-text u-text-black u-text-default u-text-5\">\n                      <a class=\"u-post-header-link\" href=\"https:\/\/preventncd.sum.edu.pl\/en\/postepy-w-zapobieganiu-chorobom-niezakaznym-kluczowe-wnioski-ze-spotkania-komitetu-wykonawczego-w-budapeszcie-2-2-2\/\" style=\"\">2025 JA PreventNCD Annual Meeting<\/a>\n                    <\/h2>\n                    <a href=\"https:\/\/preventncd.sum.edu.pl\/en\/postepy-w-zapobieganiu-chorobom-niezakaznym-kluczowe-wnioski-ze-spotkania-komitetu-wykonawczego-w-budapeszcie-2-2-2\/\" class=\"u-blog-control u-border-2 u-border-no-left u-border-no-right u-border-no-top u-border-palette-1-base u-btn u-btn-rectangle u-button-style u-custom-font u-font-roboto u-none u-text-body-color u-btn-4\">Read More<\/a>\n                  <\/div>\n                <\/div>\n              <\/div>\n            <\/div>\n            <div class=\"u-blog-post u-border-1 u-border-grey-25 u-repeater-item u-white u-repeater-item-1\">\n              <div class=\"u-container-layout u-similar-container u-container-layout-1\"><a class=\"u-blog-control u-expanded-width u-hover-feature u-image u-image-default lazyload u-image-1\" href=\"https:\/\/preventncd.sum.edu.pl\/en\/postepy-w-zapobieganiu-chorobom-niezakaznym-kluczowe-wnioski-ze-spotkania-komitetu-wykonawczego-w-budapeszcie-2-2\/\">\n                <img alt=\"\" class=\"u-blog-control u-expanded-width u-hover-feature u-image u-image-default lazyload u-image-1\" data-image-width=\"1920\" data-image-height=\"1080\" data-src=\"https:\/\/preventncd.sum.edu.pl\/wp-content\/uploads\/2025\/03\/aaa.png\" loading=\"lazy\"><\/a>\n                <div class=\"u-container-style u-expanded-width-md u-expanded-width-sm u-expanded-width-xs u-group u-video-cover u-group-1\">\n                  <div class=\"u-container-layout u-valign-top-xs u-container-layout-2\">\n                    <div class=\"u-blog-control u-metadata u-text-grey-50 u-metadata-1\"><span class=\"u-meta-date u-meta-icon\">2025-03-18<\/span>\n                    <\/div>\n                    <h2 class=\"u-blog-control u-custom-font u-font-roboto u-text u-text-black u-text-default u-text-2\">\n                      <a class=\"u-post-header-link\" href=\"https:\/\/preventncd.sum.edu.pl\/en\/postepy-w-zapobieganiu-chorobom-niezakaznym-kluczowe-wnioski-ze-spotkania-komitetu-wykonawczego-w-budapeszcie-2-2\/\" style=\"\">The Contribution of Health Promotion to Democracy: Fostering Participation, Equity, and Intersectoral Action in Local Governance<\/a>\n                    <\/h2>\n                    <a href=\"https:\/\/preventncd.sum.edu.pl\/en\/postepy-w-zapobieganiu-chorobom-niezakaznym-kluczowe-wnioski-ze-spotkania-komitetu-wykonawczego-w-budapeszcie-2-2\/\" class=\"u-blog-control u-border-2 u-border-no-left u-border-no-right u-border-no-top u-border-palette-1-base u-btn u-btn-rectangle u-button-style u-custom-font u-font-roboto u-none u-text-body-color u-btn-1\">Read More<\/a>\n                  <\/div>\n                <\/div>\n              <\/div>\n            <\/div>\n            <div class=\"u-blog-post u-border-1 u-border-grey-25 u-repeater-item u-video-cover u-white u-repeater-item-2\">\n              <div class=\"u-container-layout u-similar-container u-container-layout-3\"><a class=\"u-blog-control u-expanded-width u-hover-feature u-image u-image-default lazyload u-image-2\" href=\"https:\/\/preventncd.sum.edu.pl\/en\/postepy-w-zapobieganiu-chorobom-niezakaznym-kluczowe-wnioski-ze-spotkania-komitetu-wykonawczego-w-budapeszcie-2\/\">\n                <img alt=\"\" class=\"u-blog-control u-expanded-width u-hover-feature u-image u-image-default lazyload u-image-2\" data-image-width=\"1920\" data-image-height=\"1080\" data-src=\"https:\/\/preventncd.sum.edu.pl\/wp-content\/uploads\/2025\/03\/opt_7.jpg\" loading=\"lazy\"><\/a>\n                <div class=\"u-container-style u-expanded-width-md u-expanded-width-sm u-expanded-width-xs u-group u-video-cover u-group-2\">\n                  <div class=\"u-container-layout u-valign-top-xs u-container-layout-4\">\n                    <div class=\"u-blog-control u-metadata u-text-grey-50 u-metadata-2\"><span class=\"u-meta-date u-meta-icon\">2025-03-17<\/span>\n                    <\/div>\n                    <h2 class=\"u-blog-control u-custom-font u-font-roboto u-text u-text-black u-text-default u-text-3\">\n                      <a class=\"u-post-header-link\" href=\"https:\/\/preventncd.sum.edu.pl\/en\/postepy-w-zapobieganiu-chorobom-niezakaznym-kluczowe-wnioski-ze-spotkania-komitetu-wykonawczego-w-budapeszcie-2\/\" style=\"\">Conference on Prevention in Pediatrics and Nephrology<\/a>\n                    <\/h2>\n                    <a href=\"https:\/\/preventncd.sum.edu.pl\/en\/postepy-w-zapobieganiu-chorobom-niezakaznym-kluczowe-wnioski-ze-spotkania-komitetu-wykonawczego-w-budapeszcie-2\/\" class=\"u-blog-control u-border-2 u-border-no-left u-border-no-right u-border-no-top u-border-palette-1-base u-btn u-btn-rectangle u-button-style u-custom-font u-font-roboto u-none u-text-body-color u-btn-2\">Read More<\/a>\n                  <\/div>\n                <\/div>\n              <\/div>\n            <\/div>\n            <div class=\"u-blog-post u-border-1 u-border-grey-25 u-repeater-item u-video-cover u-white u-repeater-item-3\">\n              <div class=\"u-container-layout u-similar-container u-container-layout-5\"><a class=\"u-blog-control u-expanded-width u-hover-feature u-image u-image-default lazyload u-image-3\" href=\"https:\/\/preventncd.sum.edu.pl\/en\/postepy-w-zapobieganiu-chorobom-niezakaznym-kluczowe-wnioski-ze-spotkania-komitetu-wykonawczego-w-budapeszcie\/\">\n                <img alt=\"\" class=\"u-blog-control u-expanded-width u-hover-feature u-image u-image-default lazyload u-image-3\" data-src=\"https:\/\/preventncd.sum.edu.pl\/wp-content\/uploads\/2025\/03\/opt_aaa.png.jpg\" loading=\"lazy\"><\/a>\n                <div class=\"u-container-style u-expanded-width-md u-expanded-width-sm u-expanded-width-xs u-group u-video-cover u-group-3\">\n                  <div class=\"u-container-layout u-valign-top-xs u-container-layout-6\">\n                    <div class=\"u-blog-control u-metadata u-text-grey-50 u-metadata-3\"><span class=\"u-meta-date u-meta-icon\">2025-03-17<\/span>\n                    <\/div>\n                    <h2 class=\"u-blog-control u-custom-font u-font-roboto u-text u-text-black u-text-default u-text-4\">\n                      <a class=\"u-post-header-link\" href=\"https:\/\/preventncd.sum.edu.pl\/en\/postepy-w-zapobieganiu-chorobom-niezakaznym-kluczowe-wnioski-ze-spotkania-komitetu-wykonawczego-w-budapeszcie\/\" style=\"\">Budapest 2025 - Meeting of the Executive Committee and External Advisory Board of JA PreventNCD<\/a>\n                    <\/h2>\n                    <a href=\"https:\/\/preventncd.sum.edu.pl\/en\/postepy-w-zapobieganiu-chorobom-niezakaznym-kluczowe-wnioski-ze-spotkania-komitetu-wykonawczego-w-budapeszcie\/\" class=\"u-blog-control u-border-2 u-border-no-left u-border-no-right u-border-no-top u-border-palette-1-base u-btn u-btn-rectangle u-button-style u-custom-font u-font-roboto u-none u-text-body-color u-btn-3\">Read More<\/a>\n                  <\/div>\n                <\/div>\n              <\/div>\n            <\/div>\n          <\/div>\n          <div class=\"u-list-control\"><\/div>\n        <\/div>\n      <\/div>\n      \n      \n      \n      \n    <\/section>\n    \n    \n    \n  \n<\/div>","protected":false},"excerpt":{"rendered":"<p>Wydarzenia 2026-04-21 \u015al\u0105ski Uniwersytet Medyczny na Wellbeing Economy Forum 2026 Read More 2026-04-15 Wizyta ekspert\u00f3w projektu JA PreventNCD w Rybniku Read More 2026-03-26 Spotkanie PR6 projektu JA PreventNCD Read More 2026-03-16 Pierwsze spotkanie interesariuszy JA PreventNCD Read More 2026-03-06 Spotkanie koordynacyjne JA PreventNCD z Biurem Regionalnym WHO dla Europy w Kopenhadze Read More 2026-02-26 Spotkanie [&hellip;]<\/p>","protected":false},"author":1,"featured_media":0,"parent":0,"menu_order":0,"comment_status":"closed","ping_status":"closed","template":"","meta":{"footnotes":""},"class_list":["post-837","page","type-page","status-publish","hentry"],"blocksy_meta":[],"_links":{"self":[{"href":"https:\/\/preventncd.sum.edu.pl\/en\/wp-json\/wp\/v2\/pages\/837","targetHints":{"allow":["GET"]}}],"collection":[{"href":"https:\/\/preventncd.sum.edu.pl\/en\/wp-json\/wp\/v2\/pages"}],"about":[{"href":"https:\/\/preventncd.sum.edu.pl\/en\/wp-json\/wp\/v2\/types\/page"}],"author":[{"embeddable":true,"href":"https:\/\/preventncd.sum.edu.pl\/en\/wp-json\/wp\/v2\/users\/1"}],"replies":[{"embeddable":true,"href":"https:\/\/preventncd.sum.edu.pl\/en\/wp-json\/wp\/v2\/comments?post=837"}],"version-history":[{"count":15,"href":"https:\/\/preventncd.sum.edu.pl\/en\/wp-json\/wp\/v2\/pages\/837\/revisions"}],"predecessor-version":[{"id":1710,"href":"https:\/\/preventncd.sum.edu.pl\/en\/wp-json\/wp\/v2\/pages\/837\/revisions\/1710"}],"wp:attachment":[{"href":"https:\/\/preventncd.sum.edu.pl\/en\/wp-json\/wp\/v2\/media?parent=837"}],"curies":[{"name":"wp","href":"https:\/\/api.w.org\/{rel}","templated":true}]}}