{"id":761,"date":"2025-03-07T10:53:46","date_gmt":"2025-03-07T09:53:46","guid":{"rendered":"https:\/\/preventncd.sum.edu.pl\/?page_id=761"},"modified":"2025-11-17T09:16:09","modified_gmt":"2025-11-17T08:16:09","slug":"o-projekcie-2","status":"publish","type":"page","link":"https:\/\/preventncd.sum.edu.pl\/en\/o-projekcie-2\/","title":{"rendered":"Project team"},"content":{"rendered":"<div class=\"\" style=\"\" >\n    \n    <section class=\"u-clearfix u-container-align-center-lg u-container-align-center-md u-container-align-center-sm u-container-align-center-xl u-white u-section-2\" id=\"block-3\">\n      <div class=\"u-clearfix u-sheet u-valign-middle u-sheet-1\">\n        <div class=\"custom-expanded data-layout-selected u-align-center-xs u-clearfix u-expanded-width-lg u-expanded-width-md u-expanded-width-sm u-expanded-width-xl u-gutter-10 u-layout-wrap u-layout-wrap-1\">\n          <div class=\"u-layout\" style=\"\">\n            <div class=\"u-layout-row\" style=\"\">\n              <div class=\"u-container-style u-layout-cell u-left-cell u-size-41 u-size-xs-60 u-layout-cell-1\" src=\"\">\n                <div class=\"u-container-layout u-valign-middle-lg u-valign-middle-md u-valign-middle-sm u-valign-middle-xl u-container-layout-1\">\n                  <h1 class=\"u-align-center u-custom-font u-font-roboto u-text u-text-default u-text-1\">Project team<\/h1>\n                <\/div>\n              <\/div>\n              <div class=\"u-align-center u-container-align-center u-container-style u-hidden-xs u-layout-cell u-right-cell u-size-19 u-size-xs-60 u-layout-cell-2\" src=\"\">\n                <div class=\"u-container-layout u-valign-top u-container-layout-2\" src=\"\">\n                  <img class=\"custom-expanded u-hidden-xs u-image u-image-contain lazyload u-image-1\" data-image-width=\"468\" data-image-height=\"699\" data-src=\"https:\/\/preventncd.sum.edu.pl\/wp-content\/uploads\/2025\/10\/Projektbeznazwy.jpg\" loading=\"lazy\">\n                <\/div>\n              <\/div>\n            <\/div>\n          <\/div>\n        <\/div>\n      <\/div>\n    <\/section>\n    <section class=\"u-clearfix u-container-align-center-lg u-container-align-center-md u-container-align-center-sm u-container-align-center-xl u-section-3\" id=\"block-5\">\n      <div class=\"u-clearfix u-sheet u-valign-middle-xs u-valign-top-lg u-valign-top-md u-valign-top-sm u-valign-top-xl u-sheet-1\">\n        <div class=\"custom-expanded data-layout-selected u-align-center-xs u-clearfix u-expanded-width-lg u-expanded-width-md u-expanded-width-sm u-expanded-width-xl u-gutter-0 u-layout-wrap u-layout-wrap-1\">\n          <div class=\"u-layout\">\n            <div class=\"u-layout-row\">\n              <div class=\"u-align-center u-container-align-center u-container-style u-layout-cell u-left-cell u-size-23 u-layout-cell-1\">\n                <div class=\"u-container-layout u-valign-middle u-container-layout-1\">\n                  <div alt=\"dr n. o zdrowiu Katarzyna Bruka\u0142o -&nbsp;\" class=\"u-image u-image-circle lazyload u-image-1\" src=\"\" data-image-width=\"876\" data-image-height=\"1313\" data-bg=\"url(&quot;https:\/\/preventncd.sum.edu.pl\/wp-content\/uploads\/2025\/03\/A-1730.jpg&quot;)\"><\/div>\n                <\/div>\n              <\/div>\n              <div class=\"u-align-left u-container-align-left u-container-style u-layout-cell u-right-cell u-size-37 u-layout-cell-2\">\n                <div class=\"u-container-layout u-valign-middle u-container-layout-2\">\n                  <h2 class=\"u-align-left u-custom-font u-font-roboto u-text u-text-default u-text-1\"> Principal Project Manager\/Senior Researcher<\/h2>\n                  <p class=\"u-align-left u-custom-font u-font-roboto u-text u-text-2\"><span style=\"font-weight: 700; font-size: 1.125rem;\"><\/span><span style=\"font-weight: 700; font-size: 1.125rem;\">Katarzyna Bruka\u0142o, PhD<\/span><span style=\"font-weight: 700; font-size: 1.25rem;\">&nbsp;<span style=\"font-weight: 400;\">-<\/span>&nbsp;<\/span> Associate Professor at the Medical University of Silesia<br>Department of Public Health Policy - Department of Health Policy (Faculty of Public Health in Bytom)<br>\n                    <br>\n                    <a href=\"mailto:kbrukalo@sum.edu.pl\" class=\"u-btn u-button-style u-text-palette-1-base u-btn-1\">kbrukalo@sum.edu.pl<\/a>\n                    <br>phone. (+48 32) 397-65-39\n                  <\/p>\n                <\/div>\n              <\/div>\n            <\/div>\n          <\/div>\n        <\/div>\n        <div class=\"custom-expanded data-layout-selected u-align-center-xs u-clearfix u-expanded-width-lg u-expanded-width-md u-expanded-width-sm u-expanded-width-xl u-gutter-0 u-layout-wrap u-layout-wrap-2\">\n          <div class=\"u-layout\">\n            <div class=\"u-layout-row\">\n              <div class=\"u-align-center u-container-align-center u-container-style u-layout-cell u-left-cell u-size-23 u-layout-cell-3\">\n                <div class=\"u-border-2 u-border-grey-75 u-border-no-bottom u-border-no-left u-border-no-right u-container-layout u-valign-top u-container-layout-3\">\n                  <div alt=\"dr hab. n. med. Oskar Kowalski\" class=\"u-image u-image-circle lazyload u-image-2\" src=\"\" data-image-width=\"2560\" data-image-height=\"1707\" data-bg=\"url(&quot;https:\/\/preventncd.sum.edu.pl\/wp-content\/uploads\/2025\/03\/AIMG_0591-scaled-1.jpg&quot;)\"><\/div>\n                <\/div>\n              <\/div>\n              <div class=\"u-align-left u-container-align-left u-container-style u-layout-cell u-right-cell u-size-37 u-layout-cell-4\">\n                <div class=\"u-container-layout u-container-layout-4\">\n                  <h2 class=\"u-align-left u-custom-font u-font-roboto u-text u-text-default u-text-3\"> Senior Researcher<\/h2>\n                  <p class=\"u-align-left u-custom-font u-font-roboto u-text u-text-4\"><span style=\"font-weight: 700; font-size: 1.25rem;\"><\/span><span style=\"font-weight: 700; font-size: 1.125rem;\">Oskar Kowalski, MD, PhD<\/span> - Associate Professor at the Medical University of Silesia<br>Department of Dietetics \u2013 Department of Human Nutrition (Faculty of Public Health in Bytom)&nbsp;<br>\n                    <br><span style=\"line-height: 1.65;\">\n                      <a href=\"mailto:okowalski@sum.edu.pl\" class=\"u-btn u-button-link u-button-style u-text-palette-1-base u-btn-2\">okowalski@sum.edu.pl<\/a><\/span>\n                  <\/p>\n                <\/div>\n              <\/div>\n            <\/div>\n          <\/div>\n        <\/div>\n        <div class=\"custom-expanded data-layout-selected u-align-center-xs u-clearfix u-expanded-width-lg u-expanded-width-md u-expanded-width-sm u-expanded-width-xl u-gutter-0 u-layout-wrap u-layout-wrap-3\">\n          <div class=\"u-layout\">\n            <div class=\"u-layout-row\">\n              <div class=\"u-align-center u-container-align-center u-container-style u-layout-cell u-left-cell u-size-23 u-layout-cell-5\">\n                <div class=\"u-border-2 u-border-grey-75 u-border-no-bottom u-border-no-left u-border-no-right u-container-layout u-valign-top u-container-layout-5\">\n                  <div alt=\"dr n. o zdrowiu Justyna Nowak&nbsp;\" class=\"u-image u-image-circle lazyload u-image-3\" src=\"\" data-image-width=\"1728\" data-image-height=\"2304\" data-bg=\"url(&quot;https:\/\/preventncd.sum.edu.pl\/wp-content\/uploads\/2025\/03\/IMG_20250315_0752509142.jpg&quot;)\"><\/div>\n                <\/div>\n              <\/div>\n              <div class=\"u-align-left u-container-align-left u-container-style u-layout-cell u-right-cell u-size-37 u-layout-cell-6\">\n                <div class=\"u-container-layout u-container-layout-6\">\n                  <h2 class=\"u-align-left u-custom-font u-font-roboto u-text u-text-default u-text-5\"> Senior Researcher<\/h2>\n                  <p class=\"u-align-left u-custom-font u-font-roboto u-text u-text-6\"><span style=\"font-size: 1.125rem; font-weight: 700;\">Justyna Nowak<\/span>&nbsp;Research and Teaching Assistant Professor<br>Department of Metabolic Diseases Prevention \u2013 Department of Cardiovascular Diseases Prevention (Faculty of Public Health in Bytom)<br>\n                    <br>&nbsp;<a href=\"mailto:justyna.nowak@sum.edu.pl\" class=\"u-btn u-button-link u-button-style u-text-palette-1-base u-btn-3\">justyna.nowak@sum.edu.pl<\/a>\n                  <\/p>\n                <\/div>\n              <\/div>\n            <\/div>\n          <\/div>\n        <\/div>\n        <div class=\"custom-expanded data-layout-selected u-align-center-xs u-clearfix u-expanded-width-lg u-expanded-width-md u-expanded-width-sm u-expanded-width-xl u-gutter-0 u-layout-wrap u-layout-wrap-4\">\n          <div class=\"u-layout\">\n            <div class=\"u-layout-row\">\n              <div class=\"u-align-center u-container-align-center u-container-style u-layout-cell u-left-cell u-size-23 u-layout-cell-7\">\n                <div class=\"u-border-2 u-border-grey-75 u-border-no-bottom u-border-no-left u-border-no-right u-container-layout u-valign-top u-container-layout-7\">\n                  <div alt=\"\" class=\"u-image u-image-circle lazyload u-image-4\" src=\"\" data-image-width=\"1178\" data-image-height=\"1766\" data-bg=\"url(&quot;https:\/\/preventncd.sum.edu.pl\/wp-content\/uploads\/2025\/03\/IMG-20250319-WA0000.jpg&quot;)\"><\/div>\n                <\/div>\n              <\/div>\n              <div class=\"u-align-left u-container-align-left u-container-style u-layout-cell u-right-cell u-size-37 u-layout-cell-8\">\n                <div class=\"u-container-layout u-container-layout-8\">\n                  <h2 class=\"u-align-left u-custom-font u-font-roboto u-text u-text-default u-text-7\"> Administrative personnel<\/h2>\n                  <p class=\"u-align-left u-custom-font u-font-roboto u-text u-text-8\"><span style=\"font-weight: 700; font-size: 1.125rem;\">Ilona Hajok, PhD, MBA<\/span>&nbsp;Deputy Director of the Center for Technology Transfer (Administration)<br>\n                    <br>\n                    <a href=\"mailto:ihajok@sum.edu.pl\" class=\"u-btn u-button-link u-button-style u-text-palette-1-base u-btn-4\">ihajok@sum.edu.pl<\/a>\n                    <br>phone. (+48 32) 208-36-92 \/  (+48 32) 208-36-40\n                  <\/p>\n                <\/div>\n              <\/div>\n            <\/div>\n          <\/div>\n        <\/div>\n        <div class=\"custom-expanded data-layout-selected u-align-center-xs u-clearfix u-expanded-width-lg u-expanded-width-md u-expanded-width-sm u-expanded-width-xl u-gutter-0 u-layout-wrap u-layout-wrap-5\">\n          <div class=\"u-layout\">\n            <div class=\"u-layout-row\">\n              <div class=\"u-align-center u-container-align-center u-container-style u-layout-cell u-left-cell u-size-23 u-layout-cell-9\">\n                <div class=\"u-border-2 u-border-grey-75 u-border-no-bottom u-border-no-left u-border-no-right u-container-layout u-valign-top u-container-layout-9\">\n                  <div alt=\"Anna Zaichenko\" class=\"u-image u-image-circle lazyload u-image-5\" src=\"\" data-image-width=\"800\" data-image-height=\"800\" data-bg=\"url(&quot;https:\/\/preventncd.sum.edu.pl\/wp-content\/uploads\/2025\/03\/zaichenko.jpg&quot;)\"><\/div>\n                <\/div>\n              <\/div>\n              <div class=\"u-align-left u-container-align-left u-container-style u-layout-cell u-right-cell u-size-37 u-layout-cell-10\">\n                <div class=\"u-container-layout u-container-layout-10\">\n                  <h2 class=\"u-align-left u-custom-font u-font-roboto u-text u-text-default u-text-9\"> Administrative personnel<\/h2>\n                  <p class=\"u-align-left u-custom-font u-font-roboto u-text u-text-10\"><span style=\"font-weight: 700; font-size: 1.125rem;\">Anna Zaichenko<\/span>&nbsp;<br>Section for International Programs and Cooperation (Administration)&nbsp;<br>\n                    <br>\n                    <a href=\"mailto:anna.zaichenko@sum.edu.pl\" class=\"u-btn u-button-style u-text-palette-1-base u-btn-5\">anna.zaichenko@sum.edu.pl<\/a>\n                    <br>phone. (+48 32) 208-36-26\n                  <\/p>\n                <\/div>\n              <\/div>\n            <\/div>\n          <\/div>\n        <\/div>\n      <\/div>\n    <\/section>\n    <section class=\"u-clearfix u-section-4\" id=\"block-6\">\n      <div class=\"u-clearfix u-sheet u-sheet-1\">\n        <div class=\"custom-expanded data-layout-selected u-align-center-xs u-clearfix u-expanded-width-lg u-expanded-width-md u-expanded-width-sm u-expanded-width-xl u-gutter-0 u-layout-wrap u-layout-wrap-1\">\n          <div class=\"u-layout\">\n            <div class=\"u-layout-row\">\n              <div class=\"u-align-center u-container-align-center u-container-style u-layout-cell u-left-cell u-size-23 u-layout-cell-1\">\n                <div class=\"u-border-2 u-border-grey-75 u-border-no-bottom u-border-no-left u-border-no-right u-container-layout u-valign-top u-container-layout-1\">\n                  <div alt=\"mgr Sandra Nandzik\" class=\"u-image u-image-circle lazyload u-image-1\" src=\"\" data-image-width=\"677\" data-image-height=\"987\" data-bg=\"url(&quot;https:\/\/preventncd.sum.edu.pl\/wp-content\/uploads\/2025\/03\/nandzik.png&quot;)\"><\/div>\n                <\/div>\n              <\/div>\n              <div class=\"u-align-left u-container-align-left u-container-style u-layout-cell u-right-cell u-size-37 u-layout-cell-2\">\n                <div class=\"u-container-layout u-container-layout-2\">\n                  <h2 class=\"u-align-left u-custom-font u-font-roboto u-text u-text-default u-text-1\"> Administrative personnel<\/h2>\n                  <p class=\"u-align-left u-custom-font u-font-roboto u-text u-text-2\"><span style=\"font-weight: 700; font-size: 1.125rem;\">Sandra Nandzik, MSc<\/span>\n                    <br>Department of Dietetics \u2013 Department of Human Nutrition (Faculty of Public Health in Bytom)&nbsp;<br>\n                    <br><span style=\"line-height: 1.65;\">\n                      <a href=\"mailto:sandra.nandzik@sum.edu.pl\" class=\"u-btn u-button-link u-button-style u-text-palette-1-base u-btn-1\">sandra.nandzik@sum.edu.pl<\/a><\/span>\n                  <\/p>\n                <\/div>\n              <\/div>\n            <\/div>\n          <\/div>\n        <\/div>\n        <div class=\"custom-expanded data-layout-selected u-align-center-xs u-clearfix u-expanded-width-lg u-expanded-width-md u-expanded-width-sm u-expanded-width-xl u-gutter-0 u-layout-wrap u-layout-wrap-2\">\n          <div class=\"u-layout\">\n            <div class=\"u-layout-row\">\n              <div class=\"u-align-center u-container-align-center u-container-style u-layout-cell u-left-cell u-size-23 u-layout-cell-3\">\n                <div class=\"u-border-2 u-border-grey-75 u-border-no-bottom u-border-no-left u-border-no-right u-container-layout u-valign-top u-container-layout-3\">\n                  <div alt=\"dr in\u017c. Anna Lempart-Rapacewicz\" class=\"u-image u-image-circle lazyload u-image-2\" src=\"\" data-image-width=\"1595\" data-image-height=\"2126\" data-bg=\"url(&quot;https:\/\/preventncd.sum.edu.pl\/wp-content\/uploads\/2025\/06\/AnnaLempart-Rapacewicz.jpg&quot;)\"><\/div>\n                <\/div>\n              <\/div>\n              <div class=\"u-align-left u-container-align-left u-container-style u-layout-cell u-right-cell u-size-37 u-layout-cell-4\">\n                <div class=\"u-container-layout u-container-layout-4\">\n                  <h2 class=\"u-align-left u-custom-font u-font-roboto u-text u-text-default u-text-3\"> Administrative personnel<\/h2>\n                  <p class=\"u-align-left u-custom-font u-font-roboto u-text u-text-4\"><span style=\"font-weight: 700; font-size: 1.125rem;\">Anna Lempart-Rapacewicz, PhD<\/span>\n                    <br>Department of Dietetics \u2013 Department of Human Nutrition (Faculty of Public Health in Bytom)&nbsp;<br>\n                    <br><span style=\"line-height: 1.65;\">\n                      <a href=\"mailto:anna.lempart@sum.edu.pl\" class=\"u-btn u-button-link u-button-style u-text-palette-1-base u-btn-2\">anna.lempart@sum.edu.pl<\/a><\/span>\n                  <\/p>\n                <\/div>\n              <\/div>\n            <\/div>\n          <\/div>\n        <\/div>\n      <\/div>\n    <\/section>\n    \n    \n    \n  \n<\/div>","protected":false},"excerpt":{"rendered":"<p>Zesp\u00f3\u0142 projektowy Kierownik Projektu&nbsp;\/ Researcher dr hab. nauk o zdrowiu Katarzyna Bruka\u0142o&nbsp;&#8211;&nbsp; Profesor \u015aUM badawczo-dydaktycznyKatedra Polityki Zdrowia Publicznego &#8211; Zak\u0142ad Polityki Zdrowotnej (Wydzia\u0142 Zdrowia Publicznego w Bytomiu) kbrukalo@sum.edu.pl tel. 32 397-65-39 Resear\u200bcher dr hab. n. med. Oskar Kowalski &#8211; Profesor \u015aUM badawczo-dydaktycznyKatedra Dietetyki-Zak\u0142ad \u017bywienia Cz\u0142owieka (Wydzia\u0142 Zdrowia Publicznego w Bytomiu)&nbsp; okowalski@sum.edu.pl Researcher dr n. o [&hellip;]<\/p>","protected":false},"author":1,"featured_media":0,"parent":0,"menu_order":0,"comment_status":"closed","ping_status":"closed","template":"","meta":{"footnotes":""},"class_list":["post-761","page","type-page","status-publish","hentry"],"blocksy_meta":[],"_links":{"self":[{"href":"https:\/\/preventncd.sum.edu.pl\/en\/wp-json\/wp\/v2\/pages\/761","targetHints":{"allow":["GET"]}}],"collection":[{"href":"https:\/\/preventncd.sum.edu.pl\/en\/wp-json\/wp\/v2\/pages"}],"about":[{"href":"https:\/\/preventncd.sum.edu.pl\/en\/wp-json\/wp\/v2\/types\/page"}],"author":[{"embeddable":true,"href":"https:\/\/preventncd.sum.edu.pl\/en\/wp-json\/wp\/v2\/users\/1"}],"replies":[{"embeddable":true,"href":"https:\/\/preventncd.sum.edu.pl\/en\/wp-json\/wp\/v2\/comments?post=761"}],"version-history":[{"count":22,"href":"https:\/\/preventncd.sum.edu.pl\/en\/wp-json\/wp\/v2\/pages\/761\/revisions"}],"predecessor-version":[{"id":1726,"href":"https:\/\/preventncd.sum.edu.pl\/en\/wp-json\/wp\/v2\/pages\/761\/revisions\/1726"}],"wp:attachment":[{"href":"https:\/\/preventncd.sum.edu.pl\/en\/wp-json\/wp\/v2\/media?parent=761"}],"curies":[{"name":"wp","href":"https:\/\/api.w.org\/{rel}","templated":true}]}}